{"id":166,"date":"2013-09-25T11:04:10","date_gmt":"2013-09-25T09:04:10","guid":{"rendered":"http:\/\/wl-teutschenthal.de\/wordpress\/?page_id=166"},"modified":"2013-09-25T11:04:10","modified_gmt":"2013-09-25T09:04:10","slug":"m11","status":"publish","type":"page","link":"http:\/\/www.alexander-winterstein.de\/wurflauf\/wettkampfe\/vereinsrekorde\/m11\/","title":{"rendered":"M11"},"content":{"rendered":"<table style=\"width: 100%\" cellspacing=\"0\" cellpadding=\"7\">\n<tbody>\n<tr>\n<td style=\"width: 23.8095%\" width=\"80\" height=\"17\">\n<h4>Disziplin<\/h4>\n<\/td>\n<td style=\"width: 20%\" width=\"90\">\n<h4>Name<\/h4>\n<\/td>\n<td style=\"width: 23.1746%\" width=\"80\">\n<h4>Leistung<\/h4>\n<\/td>\n<td style=\"width: 15.2381%\" width=\"80\">\n<h4>Ort<\/h4>\n<\/td>\n<td style=\"width: 17.619%\" width=\"80\">\n<h4>Datum<\/h4>\n<\/td>\n<\/tr>\n<tr>\n<td style=\"width: 23.8095%\" width=\"80\" height=\"17\">50 m<\/td>\n<td style=\"width: 20%\" width=\"90\">Schr\u00f6der,M<\/td>\n<td style=\"width: 23.1746%\" width=\"80\">7,1 s<\/td>\n<td style=\"width: 15.2381%\" width=\"80\">Halle<\/td>\n<td style=\"width: 17.619%\" align=\"right\" width=\"80\">21.05.1995<\/td>\n<\/tr>\n<tr>\n<td style=\"width: 23.8095%\" width=\"80\" height=\"61\">4 x 50 m<\/td>\n<td style=\"width: 20%\" width=\"90\">Lakomy, Harki Rei\u00dfmann, Till&nbsp; Klingner, Ferdinand Heinrich, F.&nbsp;&nbsp;&nbsp;<\/p>\n<p>&nbsp;<\/td>\n<td style=\"width: 23.1746%\" width=\"80\">30,59 s<\/td>\n<td style=\"width: 15.2381%\" width=\"80\">Bernburg<\/td>\n<td style=\"width: 17.619%\" align=\"right\" width=\"80\">04.07.2021<\/td>\n<\/tr>\n<tr>\n<td style=\"width: 23.8095%\">60 m H\u00fc<\/td>\n<td style=\"width: 20%\">Lakomy, Harki<\/td>\n<td style=\"width: 23.1746%\">10,74 s<\/td>\n<td style=\"width: 15.2381%\">Bernburg<\/td>\n<td style=\"width: 17.619%\">25.09.2021<\/td>\n<\/tr>\n<tr>\n<td style=\"width: 23.8095%\" width=\"80\" height=\"31\">800 m<\/td>\n<td style=\"width: 20%\" width=\"90\">Lakomy, Harki<\/td>\n<td style=\"width: 23.1746%\" width=\"80\">2:37,48<\/td>\n<td style=\"width: 15.2381%\" width=\"80\">Bernbrug<\/td>\n<td style=\"width: 17.619%\" align=\"right\" width=\"80\">04.07.2021<\/td>\n<\/tr>\n<tr>\n<td style=\"width: 23.8095%\" width=\"80\" height=\"31\">1000 m<\/td>\n<td style=\"width: 20%\" width=\"90\">Herold,G<\/td>\n<td style=\"width: 23.1746%\" width=\"80\">3:21,31 min<\/td>\n<td style=\"width: 15.2381%\" width=\"80\">Halle<\/td>\n<td style=\"width: 17.619%\" align=\"right\" width=\"80\">23.08.1996<\/td>\n<\/tr>\n<tr>\n<td style=\"width: 23.8095%\" width=\"80\" height=\"46\">3&#215;1000 m<\/td>\n<td style=\"width: 20%\" width=\"90\">Siegmann, Schr\u00f6der, Reinicke<\/td>\n<td style=\"width: 23.1746%\" width=\"80\">12:02,00 min<\/td>\n<td style=\"width: 15.2381%\" width=\"80\">Eisleben<\/td>\n<td style=\"width: 17.619%\" align=\"right\" width=\"80\">07.09.1995<\/td>\n<\/tr>\n<tr>\n<td style=\"width: 23.8095%\" width=\"80\" height=\"46\">1000 m Gehen<\/td>\n<td style=\"width: 20%\" width=\"90\">Sch\u00f6del,G.<\/td>\n<td style=\"width: 23.1746%\" width=\"80\">7:27,9 min<\/td>\n<td style=\"width: 15.2381%\" width=\"80\">Halle<\/td>\n<td style=\"width: 17.619%\" align=\"right\" width=\"80\">16.06.2012<\/td>\n<\/tr>\n<tr>\n<td style=\"width: 23.8095%\" width=\"80\" height=\"17\">5 km<\/td>\n<td style=\"width: 20%\" width=\"90\">Puchowski,L<\/td>\n<td style=\"width: 23.1746%\" width=\"80\">21:51min<\/td>\n<td style=\"width: 15.2381%\" width=\"80\">Wittenb erg<\/td>\n<td style=\"width: 17.619%\" align=\"right\" width=\"80\">11.10.2003<\/td>\n<\/tr>\n<tr>\n<td style=\"width: 23.8095%\" width=\"80\" height=\"17\">Ball<\/td>\n<td style=\"width: 20%\" width=\"90\">Voigt,E<\/td>\n<td style=\"width: 23.1746%\" width=\"80\">58,59m<\/td>\n<td style=\"width: 15.2381%\" width=\"80\">Halle<\/td>\n<td style=\"width: 17.619%\" align=\"right\" width=\"80\">01.05.2009<\/td>\n<\/tr>\n<tr>\n<td style=\"width: 23.8095%\" width=\"80\" height=\"17\">Dreikampf<\/td>\n<td style=\"width: 20%\" width=\"90\">Lakomy, Harki<\/td>\n<td style=\"width: 23.1746%\" width=\"80\">1.237 Pkt.<\/td>\n<td style=\"width: 15.2381%\" width=\"80\">Bernburg<\/td>\n<td style=\"text-align: left;width: 17.619%\" align=\"right\" width=\"80\">04.07.2021<\/td>\n<\/tr>\n<tr>\n<td style=\"width: 23.8095%\" width=\"80\" height=\"17\">Vierkampf<\/td>\n<td style=\"width: 20%\" width=\"90\">Obenhaupt,R<\/td>\n<td style=\"width: 23.1746%\" width=\"80\">1.487 Pkt.<\/td>\n<td style=\"width: 15.2381%\" width=\"80\">Halle<\/td>\n<td style=\"text-align: left;width: 17.619%\" align=\"right\" width=\"80\">27.09.2009<\/td>\n<\/tr>\n<tr>\n<td style=\"width: 23.8095%\">Vierkampf (mit 800 m)<\/td>\n<td style=\"width: 20%\">Lakomy, Harki<\/td>\n<td style=\"width: 23.1746%\">1.664 Pkt.<\/td>\n<td style=\"width: 15.2381%\">Bernburg<\/td>\n<td style=\"text-align: left;width: 17.619%\">04.07.2021<\/td>\n<\/tr>\n<tr>\n<td style=\"width: 23.8095%\">F\u00fcnfkampf<\/td>\n<td style=\"width: 20%\">Lakomy, Harki<\/td>\n<td style=\"width: 23.1746%\">2.112Pkt.<\/td>\n<td style=\"width: 15.2381%\">Bernbrug<\/td>\n<td style=\"text-align: left;width: 17.619%\">25.09.2021<\/td>\n<\/tr>\n<tr>\n<td style=\"width: 23.8095%\" width=\"80\" height=\"31\">Hoch<\/td>\n<td style=\"width: 20%\" width=\"90\">Lakomy, Harki<\/td>\n<td style=\"width: 23.1746%\" width=\"80\">1,47m<\/td>\n<td style=\"width: 15.2381%\" width=\"80\">Braunsbedra<\/td>\n<td style=\"width: 17.619%\" align=\"right\" width=\"80\">12.09.2021<\/td>\n<\/tr>\n<tr>\n<td style=\"width: 23.8095%\" width=\"80\" height=\"17\">Weit<\/td>\n<td style=\"width: 20%\" width=\"90\">Lakomy, Harki<\/td>\n<td style=\"width: 23.1746%\" width=\"80\">4,85 m<\/td>\n<td style=\"width: 15.2381%\" width=\"80\">Braunsbedra<\/td>\n<td style=\"width: 17.619%\" align=\"right\" width=\"80\">12.09.2021<\/td>\n<\/tr>\n<\/tbody>\n<\/table>\n","protected":false},"excerpt":{"rendered":"<p>Disziplin Name Leistung Ort Datum 50 m Schr\u00f6der,M 7,1 s Halle 21.05.1995 4 x 50 m Lakomy, Harki Rei\u00dfmann, Till&nbsp; Klingner, Ferdinand Heinrich, F.&nbsp;&nbsp;&nbsp; &nbsp; 30,59 s Bernburg 04.07.2021 60 m H\u00fc Lakomy, Harki 10,74 s Bernburg 25.09.2021 800 m Lakomy, Harki 2:37,48 Bernbrug 04.07.2021 1000 m Herold,G 3:21,31 min Halle 23.08.1996 3&#215;1000 m Siegmann, [&hellip;]<\/p>\n","protected":false},"author":1,"featured_media":0,"parent":125,"menu_order":0,"comment_status":"open","ping_status":"open","template":"","meta":{"ngg_post_thumbnail":0,"footnotes":""},"class_list":["post-166","page","type-page","status-publish","hentry"],"_links":{"self":[{"href":"http:\/\/www.alexander-winterstein.de\/wurflauf\/wp-json\/wp\/v2\/pages\/166","targetHints":{"allow":["GET"]}}],"collection":[{"href":"http:\/\/www.alexander-winterstein.de\/wurflauf\/wp-json\/wp\/v2\/pages"}],"about":[{"href":"http:\/\/www.alexander-winterstein.de\/wurflauf\/wp-json\/wp\/v2\/types\/page"}],"author":[{"embeddable":true,"href":"http:\/\/www.alexander-winterstein.de\/wurflauf\/wp-json\/wp\/v2\/users\/1"}],"replies":[{"embeddable":true,"href":"http:\/\/www.alexander-winterstein.de\/wurflauf\/wp-json\/wp\/v2\/comments?post=166"}],"version-history":[{"count":0,"href":"http:\/\/www.alexander-winterstein.de\/wurflauf\/wp-json\/wp\/v2\/pages\/166\/revisions"}],"up":[{"embeddable":true,"href":"http:\/\/www.alexander-winterstein.de\/wurflauf\/wp-json\/wp\/v2\/pages\/125"}],"wp:attachment":[{"href":"http:\/\/www.alexander-winterstein.de\/wurflauf\/wp-json\/wp\/v2\/media?parent=166"}],"curies":[{"name":"wp","href":"https:\/\/api.w.org\/{rel}","templated":true}]}}