{"id":188,"date":"2013-09-25T11:30:54","date_gmt":"2013-09-25T09:30:54","guid":{"rendered":"http:\/\/wl-teutschenthal.de\/wordpress\/?page_id=188"},"modified":"2013-09-25T11:30:54","modified_gmt":"2013-09-25T09:30:54","slug":"w15","status":"publish","type":"page","link":"http:\/\/www.alexander-winterstein.de\/wurflauf\/wettkampfe\/vereinsrekorde\/w15\/","title":{"rendered":"W15"},"content":{"rendered":"<table cellspacing=\"0\" cellpadding=\"7\">\n<tbody>\n<tr>\n<td width=\"80\" height=\"20\">\n<h4>Disziplin<\/h4>\n<\/td>\n<td width=\"80\">\n<h4>Name<\/h4>\n<\/td>\n<td width=\"80\">\n<h4>Leistung<\/h4>\n<\/td>\n<td width=\"99\">\n<h4>Ort<\/h4>\n<\/td>\n<td width=\"80\">\n<h4>Datum<\/h4>\n<\/td>\n<\/tr>\n<tr>\n<td width=\"80\" height=\"20\">75 m<\/td>\n<td width=\"80\">B\u00f6tsch,M<\/td>\n<td width=\"80\">10,34 s<\/td>\n<td width=\"99\">Halle<\/td>\n<td align=\"right\" width=\"80\">12.07.1997<\/td>\n<\/tr>\n<tr>\n<td width=\"80\" height=\"35\">80 m H\u00fcrden<\/td>\n<td width=\"80\">Bursee, Michelle<\/td>\n<td width=\"80\">14,40\u00a0s<\/td>\n<td width=\"99\">Bernburg<\/td>\n<td align=\"right\" width=\"80\">28.05.2016<\/td>\n<\/tr>\n<tr>\n<td width=\"80\" height=\"35\">100 m<\/td>\n<td width=\"80\">Silvana Sch\u00f6del<\/td>\n<td width=\"80\">12,49 s<\/td>\n<td width=\"99\">Leuna<\/td>\n<td align=\"right\" width=\"80\">03.06.2006<\/td>\n<\/tr>\n<tr>\n<td width=\"80\" height=\"20\">200 m<\/td>\n<td width=\"80\">Sch\u00f6del,S<\/td>\n<td width=\"80\">25,82 s<\/td>\n<td width=\"99\">Halle<\/td>\n<td align=\"right\" width=\"80\">14.06.2006<\/td>\n<\/tr>\n<tr>\n<td width=\"80\" height=\"20\">300 m<\/td>\n<td width=\"80\">Gottfried,X<\/td>\n<td width=\"80\">44,16 s<\/td>\n<td width=\"99\">Leuna<\/td>\n<td align=\"right\" width=\"80\">07.06.2003<\/td>\n<\/tr>\n<tr>\n<td width=\"80\" height=\"35\">300m H\u00fcrden<\/td>\n<td width=\"80\">Wendt,F<\/td>\n<td width=\"80\">51,58 s<\/td>\n<td width=\"99\">Sch\u00f6nebeck<\/td>\n<td align=\"right\" width=\"80\">15.06.2003<\/td>\n<\/tr>\n<tr>\n<td width=\"80\" height=\"35\">800 m<\/td>\n<td width=\"80\">Gottfried,X<\/td>\n<td width=\"80\">2:22,99 min<\/td>\n<td width=\"99\">Braunsbedra<\/td>\n<td align=\"right\" width=\"80\">04.09.2003<\/td>\n<\/tr>\n<tr>\n<td width=\"80\" height=\"35\">2000 m<\/td>\n<td width=\"80\">Gottfried,X<\/td>\n<td width=\"80\">6:59,57 min<\/td>\n<td width=\"99\">Halle<\/td>\n<td align=\"right\" width=\"80\">21.09.2003<\/td>\n<\/tr>\n<tr>\n<td width=\"80\" height=\"20\">5 km<\/td>\n<td width=\"80\">Gottfried,X<\/td>\n<td width=\"80\">19:03 min<\/td>\n<td width=\"99\">Wittenberg<\/td>\n<td align=\"right\" width=\"80\">11.10.2003<\/td>\n<\/tr>\n<tr>\n<td width=\"80\" height=\"20\">Ball<\/td>\n<td width=\"80\">Sch\u00f6del,S<\/td>\n<td width=\"80\">26,57 m<\/td>\n<td width=\"99\">Sch\u00f6nebeck<\/td>\n<td align=\"right\" width=\"80\">10.06.2006<\/td>\n<\/tr>\n<tr>\n<td width=\"80\" height=\"20\">Block\/Wurf<\/td>\n<td width=\"80\">Bursee, Michelle<\/td>\n<td width=\"80\">2.458 Pkt.<\/td>\n<td width=\"99\">Halle<\/td>\n<td align=\"right\" width=\"80\">28.05.2016<\/td>\n<\/tr>\n<tr>\n<td width=\"80\" height=\"20\">Diskus<\/td>\n<td width=\"80\">Birke,S<\/td>\n<td width=\"80\">46,26 m<\/td>\n<td width=\"99\">Halle<\/td>\n<td align=\"right\" width=\"80\">18.05.1997<\/td>\n<\/tr>\n<tr>\n<td width=\"80\" height=\"20\">Dreisprung<\/td>\n<td width=\"80\">Bursee, Michelle<\/td>\n<td width=\"80\">10,32m<\/td>\n<td width=\"99\">Haldensleben<\/td>\n<td align=\"right\" width=\"80\">05.06.2016<\/td>\n<\/tr>\n<tr>\n<td width=\"80\" height=\"35\">Hammer<\/td>\n<td width=\"80\">Apel,V<\/td>\n<td width=\"80\">50,62 m (3kg)<\/td>\n<td width=\"99\">Halle<\/td>\n<td align=\"right\" width=\"80\">24.05.2008<\/td>\n<\/tr>\n<tr>\n<td width=\"80\" height=\"20\">Kugel<\/td>\n<td width=\"80\">Birke,S<\/td>\n<td width=\"80\">12,98 m<\/td>\n<td width=\"99\">Leuna<\/td>\n<td align=\"right\" width=\"80\">12.09.1997<\/td>\n<\/tr>\n<tr>\n<td width=\"80\" height=\"20\">Speer<\/td>\n<td width=\"80\">Lehmann,S<\/td>\n<td width=\"80\">32,94 m<\/td>\n<td width=\"99\">Halle<\/td>\n<td align=\"right\" width=\"80\">15.06.1996<\/td>\n<\/tr>\n<tr>\n<td width=\"80\" height=\"20\">Weit<\/td>\n<td width=\"80\">Bursee, Michelle<\/td>\n<td width=\"80\">4,92 m<\/td>\n<td width=\"99\">Aschersleben<\/td>\n<td align=\"right\" width=\"80\">27.08.2016<\/td>\n<\/tr>\n<tr>\n<td width=\"80\" height=\"20\">Hoch<\/td>\n<td width=\"80\">Bursee, Michelle<\/td>\n<td width=\"80\">1,45m<\/td>\n<td width=\"99\">Braunsbedra<\/td>\n<td align=\"right\" width=\"80\">19.06.2016<\/td>\n<\/tr>\n<\/tbody>\n<\/table>\n","protected":false},"excerpt":{"rendered":"<p>Disziplin Name Leistung Ort Datum 75 m B\u00f6tsch,M 10,34 s Halle 12.07.1997 80 m H\u00fcrden Bursee, Michelle 14,40\u00a0s Bernburg 28.05.2016 100 m Silvana Sch\u00f6del 12,49 s Leuna 03.06.2006 200 m Sch\u00f6del,S 25,82 s Halle 14.06.2006 300 m Gottfried,X 44,16 s Leuna 07.06.2003 300m H\u00fcrden Wendt,F 51,58 s Sch\u00f6nebeck 15.06.2003 800 m Gottfried,X 2:22,99 min Braunsbedra [&hellip;]<\/p>\n","protected":false},"author":1,"featured_media":0,"parent":125,"menu_order":0,"comment_status":"open","ping_status":"open","template":"","meta":{"ngg_post_thumbnail":0,"footnotes":""},"class_list":["post-188","page","type-page","status-publish","hentry"],"_links":{"self":[{"href":"http:\/\/www.alexander-winterstein.de\/wurflauf\/wp-json\/wp\/v2\/pages\/188","targetHints":{"allow":["GET"]}}],"collection":[{"href":"http:\/\/www.alexander-winterstein.de\/wurflauf\/wp-json\/wp\/v2\/pages"}],"about":[{"href":"http:\/\/www.alexander-winterstein.de\/wurflauf\/wp-json\/wp\/v2\/types\/page"}],"author":[{"embeddable":true,"href":"http:\/\/www.alexander-winterstein.de\/wurflauf\/wp-json\/wp\/v2\/users\/1"}],"replies":[{"embeddable":true,"href":"http:\/\/www.alexander-winterstein.de\/wurflauf\/wp-json\/wp\/v2\/comments?post=188"}],"version-history":[{"count":0,"href":"http:\/\/www.alexander-winterstein.de\/wurflauf\/wp-json\/wp\/v2\/pages\/188\/revisions"}],"up":[{"embeddable":true,"href":"http:\/\/www.alexander-winterstein.de\/wurflauf\/wp-json\/wp\/v2\/pages\/125"}],"wp:attachment":[{"href":"http:\/\/www.alexander-winterstein.de\/wurflauf\/wp-json\/wp\/v2\/media?parent=188"}],"curies":[{"name":"wp","href":"https:\/\/api.w.org\/{rel}","templated":true}]}}